{"id":144,"date":"2012-11-09T00:29:41","date_gmt":"2012-11-09T00:29:41","guid":{"rendered":"http:\/\/catrinasteffen.de\/galerie\/?page_id=144"},"modified":"2012-11-09T01:32:08","modified_gmt":"2012-11-09T01:32:08","slug":"namensbilder","status":"publish","type":"page","link":"http:\/\/catrinasteffen.de\/galerie\/?page_id=144","title":{"rendered":"Namensbilder"},"content":{"rendered":"<h2><strong>Namensbilder<br \/>\n<\/strong><\/h2>\n<div style=\"width: 360px; float: left; margin-right: 20px;\">Unser Name ist das erste Geschenk,das wir bei unserer Ankunft auf der Erde bekommen.Er ist wie eine Melodie, die uns durch unser Leben begleitet und die noch weiterklingt, wenn wir die Erde wieder verlassen.<\/p>\n<p>Namensbilder sind eine sch\u00f6ne M\u00f6glichkeit,den eigenen Namen oder den Namen eines anderen Menschen zu ehren, ihm Farbe und Gestalt zu verleihen.<\/p>\n<p>Ich male Namensbilder auf individuellen Wunsch als Geschenk zur Geburt, Taufe, Konfirmation, Initiation, Genesung, bestandener Pr\u00fcfung, Hochzeit, Gesch\u00e4ftsgr\u00fcndung, Liebeserkl\u00e4rung, Coming out &#8230;zu allen Anl\u00e4ssen und Festen<strong>, <\/strong>die ein Menschenleben zu bieten hat.<\/p>\n<\/div>\n<div style=\"width: 400px; float: left;\">Bilder folgen in K\u00fcrze&#8230;<\/div>\n","protected":false},"excerpt":{"rendered":"<p>Namensbilder Unser Name ist das erste Geschenk,das wir bei unserer Ankunft auf der Erde bekommen.Er ist wie eine Melodie, die uns durch unser Leben begleitet und die noch weiterklingt, wenn wir die Erde wieder verlassen. Namensbilder sind eine sch\u00f6ne M\u00f6glichkeit,den eigenen Namen oder den Namen eines anderen Menschen zu ehren, ihm Farbe und Gestalt zu [&hellip;]<\/p>\n","protected":false},"author":3,"featured_media":0,"parent":9,"menu_order":0,"comment_status":"closed","ping_status":"closed","template":"","meta":{"ngg_post_thumbnail":0,"footnotes":""},"class_list":["post-144","page","type-page","status-publish","hentry"],"_links":{"self":[{"href":"http:\/\/catrinasteffen.de\/galerie\/index.php?rest_route=\/wp\/v2\/pages\/144"}],"collection":[{"href":"http:\/\/catrinasteffen.de\/galerie\/index.php?rest_route=\/wp\/v2\/pages"}],"about":[{"href":"http:\/\/catrinasteffen.de\/galerie\/index.php?rest_route=\/wp\/v2\/types\/page"}],"author":[{"embeddable":true,"href":"http:\/\/catrinasteffen.de\/galerie\/index.php?rest_route=\/wp\/v2\/users\/3"}],"replies":[{"embeddable":true,"href":"http:\/\/catrinasteffen.de\/galerie\/index.php?rest_route=%2Fwp%2Fv2%2Fcomments&post=144"}],"version-history":[{"count":15,"href":"http:\/\/catrinasteffen.de\/galerie\/index.php?rest_route=\/wp\/v2\/pages\/144\/revisions"}],"predecessor-version":[{"id":198,"href":"http:\/\/catrinasteffen.de\/galerie\/index.php?rest_route=\/wp\/v2\/pages\/144\/revisions\/198"}],"up":[{"embeddable":true,"href":"http:\/\/catrinasteffen.de\/galerie\/index.php?rest_route=\/wp\/v2\/pages\/9"}],"wp:attachment":[{"href":"http:\/\/catrinasteffen.de\/galerie\/index.php?rest_route=%2Fwp%2Fv2%2Fmedia&parent=144"}],"curies":[{"name":"wp","href":"https:\/\/api.w.org\/{rel}","templated":true}]}}